{"id":5290,"date":"2022-11-16T15:27:32","date_gmt":"2022-11-16T15:27:32","guid":{"rendered":"https:\/\/www.vandenelzenplants.com\/?page_id=5290"},"modified":"2025-11-27T15:21:28","modified_gmt":"2025-11-27T15:21:28","slug":"seizoenswerk","status":"publish","type":"page","link":"https:\/\/www.vandenelzenplants.com\/de\/pl\/werken-bij\/seizoenswerk\/","title":{"rendered":"Seizoenswerk"},"content":{"rendered":"<section class=\"l-section wpb_row height_auto\"><div class=\"l-section-h i-cf\"><div class=\"g-cols vc_row via_flex valign_middle type_default reversed stacking_default\"><div class=\"vc_col-sm-6 wpb_column vc_column_container\"><div class=\"vc_column-inner\"><div class=\"wpb_wrapper\"><div class=\"w-separator size_small\"><\/div><div class=\"wpb_text_column us_custom_d2764f55\"><div class=\"wpb_wrapper\"><h1>PRACA SEZONOWA<\/h1>\n<\/div><\/div>\n\t<div class=\"wpb_raw_code wpb_raw_html wpb_content_element us_custom_909b2fd0\" >\n\t\t<div class=\"wpb_wrapper\">\n\t\t\t<hr class=\"line_kop\">\n\t\t<\/div>\n\t<\/div>\n<div class=\"w-separator size_small\"><\/div><\/div><\/div><\/div><div class=\"vc_col-sm-6 wpb_column vc_column_container border-radius-left-bottom has_bg_color stretched\"><div class=\"vc_column-inner us_custom_024b1c5e\"><div class=\"wpb_wrapper\"><\/div><\/div><\/div><\/div><\/div><\/section><section class=\"l-section wpb_row height_small\"><div class=\"l-section-h i-cf\"><div class=\"g-cols vc_row via_flex valign_middle type_default stacking_default\"><div class=\"vc_col-sm-6 wpb_column vc_column_container stretched\"><div class=\"vc_column-inner us_custom_5a516e69\"><div class=\"wpb_wrapper\"><div class=\"w-image border-radius-right-top-bottom align_center\"><div class=\"w-image-h\"><img decoding=\"async\" width=\"1200\" height=\"950\" src=\"https:\/\/www.vandenelzenplants.com\/wp-content\/uploads\/2021\/10\/254A2890-1200x950px.jpg\" class=\"attachment-full size-full\" alt=\"\" loading=\"lazy\" srcset=\"https:\/\/www.vandenelzenplants.com\/wp-content\/uploads\/2021\/10\/254A2890-1200x950px.jpg 1200w, https:\/\/www.vandenelzenplants.com\/wp-content\/uploads\/2021\/10\/254A2890-1200x950px-300x238.jpg 300w, https:\/\/www.vandenelzenplants.com\/wp-content\/uploads\/2021\/10\/254A2890-1200x950px-1024x811.jpg 1024w\" sizes=\"auto, (max-width: 1200px) 100vw, 1200px\" \/><\/div><\/div><\/div><\/div><\/div><div class=\"vc_col-sm-6 wpb_column vc_column_container\"><div class=\"vc_column-inner\"><div class=\"wpb_wrapper\"><div class=\"w-separator size_custom\" style=\"height:0\" id=\"n8c2\"><style>@media(max-width:1024px){ #n8c2{height:30px!important}}@media(max-width:600px){ #n8c2{height:30px!important}}<\/style><\/div><div class=\"g-cols wpb_row via_flex valign_top type_default stacking_default\"><div class=\"vc_col-sm-12 wpb_column vc_column_container\"><div class=\"vc_column-inner\"><div class=\"wpb_wrapper\"><div class=\"w-separator size_huge\"><\/div><div class=\"wpb_text_column us_custom_50463aa5\"><div class=\"wpb_wrapper\"><h2>PRACA W<br \/>\nVAN DEN ELZEN<br \/>\nPLANTS<\/h2>\n<\/div><\/div><\/div><\/div><\/div><div class=\"vc_col-sm-12 wpb_column vc_column_container\"><div class=\"vc_column-inner\"><div class=\"wpb_wrapper\"><div class=\"w-separator size_small\"><\/div>\n\t<div class=\"wpb_raw_code wpb_raw_html wpb_content_element us_custom_909b2fd0\" >\n\t\t<div class=\"wpb_wrapper\">\n\t\t\t<hr class=\"line\">\n\t\t<\/div>\n\t<\/div>\n<div class=\"w-separator size_small\"><\/div><\/div><\/div><\/div><div class=\"vc_col-sm-12 wpb_column vc_column_container\"><div class=\"vc_column-inner\"><div class=\"wpb_wrapper\"><div class=\"wpb_text_column us_custom_a5c88937\"><div class=\"wpb_wrapper\"><p>Van den Elzen Plants regularnie poszukuje pracownik\u00f3w do r\u00f3\u017cnego rodzaju prac sezonowych. Mo\u017ce to by\u0107 np. sortowanie i pakowanie sadzonek truskawek, malin, szparag\u00f3w i je\u017cyn lub sadzenie sadzonek truskawek, malin i je\u017cyn. Do zakresu prac nale\u017cy r\u00f3wnie\u017c odchwaszczanie p\u00f3l.<\/p>\n<p>Wykonywane czynno\u015bci nale\u017c\u0105 do prac sezonowych. Ze wzgl\u0119du na r\u00f3\u017cnorodno\u015b\u0107 ro\u015blin w hodowli Van den Elzen Plants, a tak\u017ce powi\u0105zanych z nimi proces\u00f3w produkcji, praca potrzebna jest niemal przez ca\u0142y rok, z wyj\u0105tkiem kilku miesi\u0119cy.<\/p>\n<\/div><\/div><\/div><\/div><\/div><\/div><\/div><\/div><\/div><\/div><\/div><\/section><section class=\"l-section wpb_row height_medium\"><div class=\"l-section-h i-cf\"><div class=\"g-cols vc_row via_flex valign_top type_default stacking_default\"><div class=\"vc_col-sm-12 wpb_column vc_column_container\"><div class=\"vc_column-inner\"><div class=\"wpb_wrapper\"><div class=\"wpb_text_column us_custom_50463aa5\"><div class=\"wpb_wrapper\"><h2>Prace<\/h2>\n<\/div><\/div>\n\t<div class=\"wpb_raw_code wpb_raw_html wpb_content_element us_custom_909b2fd0\" >\n\t\t<div class=\"wpb_wrapper\">\n\t\t\t<hr class=\"line\">\n\t\t<\/div>\n\t<\/div>\n<div class=\"w-separator size_large\"><\/div><\/div><\/div><\/div><div class=\"vc_col-sm-6 wpb_column vc_column_container\"><div class=\"vc_column-inner\"><div class=\"wpb_wrapper\"><div class=\"wpb_text_column\"><div class=\"wpb_wrapper\"><p><strong>Praca<\/strong><\/p>\n<\/div><\/div><div class=\"wpb_text_column us_custom_ab531171\"><div class=\"wpb_wrapper\"><p>Van den Elzen Plants zatrudnia ludzi do r\u00f3\u017cnego rodzaju prac. Najwi\u0119kszy zakres prac wykonywany jest na halach, przy sortowaniu, odcinaniu i pakowaniu ro\u015blin. Do sta\u0142ych czynno\u015bci nale\u017c\u0105 r\u00f3wnie\u017c nasadzanie m\u0142odych sadzonek, odchwaszczanie p\u00f3l oraz wycinanie roz\u0142og\u00f3w truskawek.<\/p>\n<p>Praca w Van den Elzen Plants jest intensywna i daje wiele satysfakcji. Prawie zawsze pracuje si\u0119 w zespole i dzi\u0119ki temu poznaje si\u0119 wielu ludzi. Zatrudniaj\u0105c pracownika, cz\u0119sto nie mo\u017cemy z wyprzedzeniem dok\u0142adnie poda\u0107, do jakich prac zostanie skierowany. Zawsze warto poinformowa\u0107 o posiadanych \u015bwiadectwach uko\u0144czenia szko\u0142y, kurs\u00f3w itp. oraz o umiej\u0119tno\u015bciach, jakimi si\u0119 dysponuje. Dzi\u0119ki temu mo\u017cemy w miar\u0119 mo\u017cliwo\u015bci dopasowa\u0107 do nich zlecane prace. Istotne mog\u0105 by\u0107 np. prawo jazdy i do\u015bwiadczenie zdobyte w ogrodnictwie.<\/p>\n<\/div><\/div><div class=\"wpb_text_column\"><div class=\"wpb_wrapper\"><p><strong>Godziny pracy i wynagrodzenie<\/strong><\/p>\n<\/div><\/div><div class=\"wpb_text_column\"><div class=\"wpb_wrapper\"><p>Elastyczno\u015b\u0107 pracownika w zakresie mo\u017cliwych godzin pracy jest niezb\u0119dna, poniewa\u017c cz\u0119sto w kr\u00f3tkich okresach mamy naprawd\u0119 du\u017co do zrobienia.<\/p>\n<p>Wynagrodzenie wyp\u0142acamy co 4 tygodnie. Na adres e-mail przesy\u0142amy kart\u0119 wynagrodze\u0144. Na koniec roku kalendarzowego pracownik otrzymuje informacj\u0119 o uzyskanych dochodach rocznych. Aby przela\u0107 wynagrodzenie na konto, potrzebujemy numeru rachunku bankowego w formacie IBAN. B\u0119dziemy mogli wtedy zadba\u0107 o wyp\u0142at\u0119 na czas.<\/p>\n<p>W okresie zatrudnienia w Van den Elzen Plants pracownik obj\u0119ty jest ubezpieczeniem zdrowotnym w Hollandzorg.<\/p>\n<\/div><\/div><div class=\"wpb_text_column\"><div class=\"wpb_wrapper\"><p><strong>Szkolenia i rozw\u00f3j<\/strong><\/p>\n<\/div><\/div><div class=\"wpb_text_column\"><div class=\"wpb_wrapper\"><p>Zatrudniaj\u0105c si\u0119 w Van den Elzen Plants, musisz wiedzie\u0107, \u017ce jako\u015b\u0107 i szybko\u015b\u0107 pracy maj\u0105 tu du\u017ce znaczenie. Na pocz\u0105tku zatrudnienia pracownik zostaje wdro\u017cony przez do\u015bwiadczonego koleg\u0119. Je\u015bli co\u015b jest niejasne, zawsze mo\u017cna zwr\u00f3ci\u0107 si\u0119 do pracownik\u00f3w, kt\u00f3rzy maj\u0105 ju\u017c do\u015bwiadczenie.<\/p>\n<\/div><\/div><\/div><\/div><\/div><div class=\"vc_col-sm-6 wpb_column vc_column_container stretched\"><div class=\"vc_column-inner us_custom_e1202394\"><div class=\"wpb_wrapper\"><div class=\"w-image border-radius-left-top-bottom align_center\"><div class=\"w-image-h\"><img decoding=\"async\" width=\"1400\" height=\"950\" src=\"https:\/\/www.vandenelzenplants.com\/wp-content\/uploads\/2022\/08\/Vacature_Logistiek-medewerker_Heb-je-intresse_1400x950px.jpg\" class=\"attachment-full size-full\" alt=\"\" loading=\"lazy\" srcset=\"https:\/\/www.vandenelzenplants.com\/wp-content\/uploads\/2022\/08\/Vacature_Logistiek-medewerker_Heb-je-intresse_1400x950px.jpg 1400w, https:\/\/www.vandenelzenplants.com\/wp-content\/uploads\/2022\/08\/Vacature_Logistiek-medewerker_Heb-je-intresse_1400x950px-300x204.jpg 300w, https:\/\/www.vandenelzenplants.com\/wp-content\/uploads\/2022\/08\/Vacature_Logistiek-medewerker_Heb-je-intresse_1400x950px-1024x695.jpg 1024w, https:\/\/www.vandenelzenplants.com\/wp-content\/uploads\/2022\/08\/Vacature_Logistiek-medewerker_Heb-je-intresse_1400x950px-18x12.jpg 18w\" sizes=\"auto, (max-width: 1400px) 100vw, 1400px\" \/><\/div><\/div><\/div><\/div><\/div><\/div><\/div><\/section><section class=\"l-section wpb_row height_medium\"><div class=\"l-section-h i-cf\"><div class=\"g-cols vc_row via_flex valign_top type_default stacking_default\"><div class=\"vc_col-sm-6 wpb_column vc_column_container\"><div class=\"vc_column-inner us_custom_ded3cb08\"><div class=\"wpb_wrapper\"><div class=\"g-cols wpb_row via_flex valign_top type_default stacking_default\"><div class=\"vc_col-sm-12 wpb_column vc_column_container\"><div class=\"vc_column-inner\"><div class=\"wpb_wrapper\"><div class=\"wpb_text_column us_custom_492179a4\"><div class=\"wpb_wrapper\"><h3>\u017bycie i mieszkanie<\/h3>\n<\/div><\/div><\/div><\/div><\/div><div class=\"vc_col-sm-12 wpb_column vc_column_container\"><div class=\"vc_column-inner\"><div class=\"wpb_wrapper\"><div class=\"w-separator size_small\"><\/div>\n\t<div class=\"wpb_raw_code wpb_raw_html wpb_content_element us_custom_909b2fd0\" >\n\t\t<div class=\"wpb_wrapper\">\n\t\t\t<hr class=\"line\">\n\t\t<\/div>\n\t<\/div>\n<div class=\"w-separator size_small\"><\/div><\/div><\/div><\/div><div class=\"vc_col-sm-12 wpb_column vc_column_container\"><div class=\"vc_column-inner\"><div class=\"wpb_wrapper\"><div class=\"wpb_text_column\"><div class=\"wpb_wrapper\"><p><strong>Zakwaterowanie<\/strong><\/p>\n<p>Po przyje\u017adzie do pracy w Van den Elzen Plants zapewniamy Ci zakwaterowanie na ca\u0142y czas zatrudnienia. Kosztami zakwaterowania obci\u0105\u017camy Ciebie.<\/p>\n<p>Van den Elzen Plants korzysta z r\u00f3\u017cnych obiekt\u00f3w do zakwaterowania personelu. Wszystkie znajduj\u0105 si\u0119 w promieniu 35 km od siedziby g\u0142\u00f3wnej w Erp.<\/p>\n<p>Je\u015bli zostaniesz umieszczony w kwaterze poza lokalizacj\u0105 g\u0142\u00f3wn\u0105, Van den Elzen Plants organizuje przejazd z miejsca zakwaterowania do pracy i z powrotem.<\/p>\n<p>Mo\u017cliwe jest zakwaterowanie poza miejscami oferowanymi przez przedsi\u0119biorstwo. Odbywa si\u0119 to na koszt w\u0142asny pracownika. W takim przypadku musisz r\u00f3wnie\u017c samodzielnie zatroszczy\u0107 si\u0119 o transport do i z pracy.<\/p>\n<p><strong>Podczas pobytu<\/strong><\/p>\n<p>Podczas pobytu w Van den Elzen Plants mo\u017cesz zwraca\u0107 si\u0119 z pytaniami dotycz\u0105cymi pracy do swojego prze\u0142o\u017conego. Je\u015bli pytanie dotyczy spraw codziennych albo np. wizyty u lekarza, mo\u017cesz skontaktowa\u0107 si\u0119 z pracownikiem dzia\u0142u personalnego.<\/p>\n<\/div><\/div><\/div><\/div><\/div><\/div><\/div><\/div><\/div><div class=\"vc_col-sm-6 wpb_column vc_column_container\"><div class=\"vc_column-inner\"><div class=\"wpb_wrapper\"><div class=\"g-cols wpb_row via_flex valign_top type_default stacking_default\"><div class=\"vc_col-sm-12 wpb_column vc_column_container\"><div class=\"vc_column-inner\"><div class=\"wpb_wrapper\"><div class=\"wpb_text_column us_custom_492179a4\"><div class=\"wpb_wrapper\"><h3>Co zabra\u0107 ze sob\u0105<\/h3>\n<\/div><\/div><\/div><\/div><\/div><div class=\"vc_col-sm-12 wpb_column vc_column_container\"><div class=\"vc_column-inner\"><div class=\"wpb_wrapper\"><div class=\"w-separator size_small\"><\/div>\n\t<div class=\"wpb_raw_code wpb_raw_html wpb_content_element us_custom_909b2fd0\" >\n\t\t<div class=\"wpb_wrapper\">\n\t\t\t<hr class=\"line\">\n\t\t<\/div>\n\t<\/div>\n<div class=\"w-separator size_small\"><\/div><\/div><\/div><\/div><div class=\"vc_col-sm-12 wpb_column vc_column_container\"><div class=\"vc_column-inner\"><div class=\"wpb_wrapper\"><div class=\"wpb_text_column\"><div class=\"wpb_wrapper\"><p>Co nale\u017cy zabra\u0107 ze sob\u0105, jad\u0105c do pracy w Van den Elzen Plants:<\/p>\n<ul>\n<li>Dow\u00f3d osobisty \/ paszport<\/li>\n<li>Prawo jazdy (je\u015bli posiadasz)<\/li>\n<li>\u015apiw\u00f3r i poduszk\u0119<\/li>\n<li>R\u0119kawice<\/li>\n<li>Odzie\u017c robocz\u0105<\/li>\n<li>Obuwie robocze<\/li>\n<li>Odzie\u017c przeciwdeszczow\u0105<\/li>\n<li>Zalecamy zabra\u0107 ok. 100 euro w got\u00f3wce<\/li>\n<\/ul>\n<\/div><\/div><\/div><\/div><\/div><\/div><\/div><\/div><\/div><\/div><\/div><\/section><section class=\"l-section wpb_row height_medium\"><div class=\"l-section-h i-cf\"><div class=\"g-cols vc_row via_flex valign_top type_default stacking_default\"><div class=\"vc_col-sm-3 wpb_column vc_column_container\"><div class=\"vc_column-inner\"><div class=\"wpb_wrapper\"><div class=\"wpb_text_column us_custom_492179a4\"><div class=\"wpb_wrapper\"><h3>faq<\/h3>\n<\/div><\/div><\/div><\/div><\/div><div class=\"vc_col-sm-9 wpb_column vc_column_container\"><div class=\"vc_column-inner\"><div class=\"wpb_wrapper\"><div class=\"w-tabs style_default switch_click accordion remove_indents\" style=\"--sections-title-size:1.25rem\"><div class=\"w-tabs-sections titles-align_none icon_plus cpos_right\"><div class=\"w-tabs-section\" id=\"1568020862825-8b1bfcfe-9839\"><button class=\"w-tabs-section-header\" aria-controls=\"content-1568020862825-8b1bfcfe-9839\" aria-expanded=\"false\"><p class=\"w-tabs-section-title\">Czy mog\u0119 pracowa\u0107 w Van den Elzen Plants, je\u015bli nie mam jeszcze 18 lat?<\/p><div class=\"w-tabs-section-control\"><\/div><\/button><div  class=\"w-tabs-section-content\" id=\"content-1568020862825-8b1bfcfe-9839\"><div class=\"w-tabs-section-content-h i-cf\"><div class=\"wpb_text_column\"><div class=\"wpb_wrapper\"><p>Tak, mo\u017cesz pracowa\u0107 u nas od uko\u0144czenia 17 roku \u017cycia, jednak prac\u0119 mo\u017cesz odbywa\u0107 wy\u0142\u0105cznie pod nadzorem osoby doros\u0142ej, dop\u00f3ki nie sko\u0144czysz 18 lat.<\/p>\n<\/div><\/div><\/div><\/div><\/div><div class=\"w-tabs-section\" id=\"1568020862842-7f0bcec4-e2da\"><button class=\"w-tabs-section-header\" aria-controls=\"content-1568020862842-7f0bcec4-e2da\" aria-expanded=\"false\"><p class=\"w-tabs-section-title\">Czy do pracy wymagane jest do\u015bwiadczenie?<\/p><div class=\"w-tabs-section-control\"><\/div><\/button><div  class=\"w-tabs-section-content\" id=\"content-1568020862842-7f0bcec4-e2da\"><div class=\"w-tabs-section-content-h i-cf\"><div class=\"wpb_text_column\"><div class=\"wpb_wrapper\"><p>Nie, dla nas wa\u017cniejsze jest, aby\u015b pracowa\u0142 dok\u0142adnie i szybko. Wszystkie instrukta\u017ce niezb\u0119dne do pracy otrzymasz ju\u017c podczas jej wykonywania.<\/p>\n<\/div><\/div><\/div><\/div><\/div><div class=\"w-tabs-section\" id=\"1568020870759-9534faab-dbc2\"><button class=\"w-tabs-section-header\" aria-controls=\"content-1568020870759-9534faab-dbc2\" aria-expanded=\"false\"><p class=\"w-tabs-section-title\">Czy musz\u0119 z g\u00f3ry zap\u0142aci\u0107, \u017ceby m\u00f3c pracowa\u0107 w Van den Elzen Plants?<\/p><div class=\"w-tabs-section-control\"><\/div><\/button><div  class=\"w-tabs-section-content\" id=\"content-1568020870759-9534faab-dbc2\"><div class=\"w-tabs-section-content-h i-cf\"><div class=\"wpb_text_column\"><div class=\"wpb_wrapper\"><p>Nie, nie jest to konieczne. Je\u015bli jednak kto\u015b si\u0119 do Ciebie o to zwr\u00f3ci, prosimy, by\u015b natychmiast nawi\u0105za\u0142 z nami kontakt.<\/p>\n<\/div><\/div><\/div><\/div><\/div><div class=\"w-tabs-section\" id=\"1568020873731-3e6edfbc-fc38\"><button class=\"w-tabs-section-header\" aria-controls=\"content-1568020873731-3e6edfbc-fc38\" aria-expanded=\"false\"><p class=\"w-tabs-section-title\">Jak dowiem si\u0119, czy jestem przyj\u0119ty?<\/p><div class=\"w-tabs-section-control\"><\/div><\/button><div  class=\"w-tabs-section-content\" id=\"content-1568020873731-3e6edfbc-fc38\"><div class=\"w-tabs-section-content-h i-cf\"><div class=\"wpb_text_column\"><div class=\"wpb_wrapper\"><p>Poinformujemy Ci\u0119 o tym e-mailem albo telefonicznie.<\/p>\n<\/div><\/div><\/div><\/div><\/div><div class=\"w-tabs-section\" id=\"1613739631675-b9e75427-52ac\"><button class=\"w-tabs-section-header\" aria-controls=\"content-1613739631675-b9e75427-52ac\" aria-expanded=\"false\"><p class=\"w-tabs-section-title\">Czy mog\u0119 zg\u0142osi\u0107 si\u0119 do pracy razem z przyjacielem, partnerem czy ma\u0142\u017conkiem?<\/p><div class=\"w-tabs-section-control\"><\/div><\/button><div  class=\"w-tabs-section-content\" id=\"content-1613739631675-b9e75427-52ac\"><div class=\"w-tabs-section-content-h i-cf\"><div class=\"wpb_text_column\"><div class=\"wpb_wrapper\"><p>Tak. Dok\u0142adamy stara\u0144, aby osoby, kt\u00f3re zg\u0142aszaj\u0105 si\u0119 wsp\u00f3lnie, w miar\u0119 mo\u017cliwo\u015bci pracowa\u0142y i mieszka\u0142y razem. Nie zawsze jest to jednak mo\u017cliwe i zale\u017cy od pracy oraz dost\u0119pnego zakwaterowania.<\/p>\n<\/div><\/div><\/div><\/div><\/div><div class=\"w-tabs-section\" id=\"1613739679047-fd444a4f-cb1d\"><button class=\"w-tabs-section-header\" aria-controls=\"content-1613739679047-fd444a4f-cb1d\" aria-expanded=\"false\"><p class=\"w-tabs-section-title\">Czy musz\u0119 m\u00f3wi\u0107 po niderlandzku?<\/p><div class=\"w-tabs-section-control\"><\/div><\/button><div  class=\"w-tabs-section-content\" id=\"content-1613739679047-fd444a4f-cb1d\"><div class=\"w-tabs-section-content-h i-cf\"><div class=\"wpb_text_column\"><div class=\"wpb_wrapper\"><p>Nie. Je\u015bli jednak m\u00f3wisz po niderlandzku, angielsku czy niemiecku, dobrze b\u0119dzie, je\u015bli podasz to w zg\u0142oszeniu.<\/p>\n<\/div><\/div><\/div><\/div><\/div><div class=\"w-tabs-section\" id=\"1613739709929-cc5aacc9-4709\"><button class=\"w-tabs-section-header\" aria-controls=\"content-1613739709929-cc5aacc9-4709\" aria-expanded=\"false\"><p class=\"w-tabs-section-title\">Kiedy musz\u0119 po raz pierwszy pojawi\u0107 si\u0119 w pracy?<\/p><div class=\"w-tabs-section-control\"><\/div><\/button><div  class=\"w-tabs-section-content\" id=\"content-1613739709929-cc5aacc9-4709\"><div class=\"w-tabs-section-content-h i-cf\"><div class=\"wpb_text_column\"><div class=\"wpb_wrapper\"><p>Z kilkudniowym wyprzedzeniem otrzymasz wiadomo\u015b\u0107 o dacie rozpocz\u0119cia pracy wraz z adresem, pod kt\u00f3ry masz si\u0119 zg\u0142osi\u0107. Uwaga! Mamy miejsca w kilku kwaterach, wa\u017cne jest zatem, aby trafi\u0107 pod w\u0142a\u015bciwy adres.<\/p>\n<\/div><\/div><\/div><\/div><\/div><div class=\"w-tabs-section\" id=\"1613740031806-3cf603e4-fb0c\"><button class=\"w-tabs-section-header\" aria-controls=\"content-1613740031806-3cf603e4-fb0c\" aria-expanded=\"false\"><p class=\"w-tabs-section-title\">Jak mam dotrze\u0107 do miejsca zakwaterowania?<\/p><div class=\"w-tabs-section-control\"><\/div><\/button><div  class=\"w-tabs-section-content\" id=\"content-1613740031806-3cf603e4-fb0c\"><div class=\"w-tabs-section-content-h i-cf\"><div class=\"wpb_text_column\"><div class=\"wpb_wrapper\"><p>Musisz samodzielnie zorganizowa\u0107 transport do miejsca zakwaterowania. Do\u015bwiadczenie uczy, \u017ce wi\u0119kszo\u015b\u0107 os\u00f3b przyje\u017cd\u017ca samochodem. Je\u015bli jedziesz \u015brodkami transportu publicznego, dobrze jest skontaktowa\u0107 si\u0119 z nami wcze\u015bniej, aby\u015bmy mogli doradzi\u0107, jak naj\u0142atwiej dotrze\u0107 do miejsca zakwaterowania.<\/p>\n<\/div><\/div><\/div><\/div><\/div><div class=\"w-tabs-section\" id=\"1613740056641-13b0558a-1278\"><button class=\"w-tabs-section-header\" aria-controls=\"content-1613740056641-13b0558a-1278\" aria-expanded=\"false\"><p class=\"w-tabs-section-title\">Czy mog\u0119 parkowa\u0107 przy kwaterze?<\/p><div class=\"w-tabs-section-control\"><\/div><\/button><div  class=\"w-tabs-section-content\" id=\"content-1613740056641-13b0558a-1278\"><div class=\"w-tabs-section-content-h i-cf\"><div class=\"wpb_text_column\"><div class=\"wpb_wrapper\"><p>Tak, jest to mo\u017cliwe przy ka\u017cdym miejscu zakwaterowania.<\/p>\n<\/div><\/div><\/div><\/div><\/div><div class=\"w-tabs-section\" id=\"1613740110281-74c45697-a9c2\"><button class=\"w-tabs-section-header\" aria-controls=\"content-1613740110281-74c45697-a9c2\" aria-expanded=\"false\"><p class=\"w-tabs-section-title\">Czy mog\u0119 pracowa\u0107 w Van den Elzen Plants d\u0142u\u017cej ni\u017c przez jeden sezon?<\/p><div class=\"w-tabs-section-control\"><\/div><\/button><div  class=\"w-tabs-section-content\" id=\"content-1613740110281-74c45697-a9c2\"><div class=\"w-tabs-section-content-h i-cf\"><div class=\"wpb_text_column\"><div class=\"wpb_wrapper\"><p>Tak. W tym celu wype\u0142nij przed odjazdem formularz zg\u0142oszeniowy do pracy w nast\u0119pnym sezonie. Przepisy okre\u015blaj\u0105, \u017ce nie mo\u017cemy zatrudnia\u0107 pracownik\u00f3w z Polski, Rumunii i Bu\u0142garii przez d\u0142u\u017cszy czas bez przerwy. Przerwa musi trwa\u0107 ustalon\u0105 liczb\u0119 miesi\u0119cy. Musimy to oczywi\u015bcie bra\u0107 pod uwag\u0119, je\u015bli przyje\u017cd\u017casz do nas do pracy cz\u0119\u015bciej.<\/p>\n<\/div><\/div><\/div><\/div><\/div><div class=\"w-tabs-section\" id=\"1613740149953-c5fab228-e000\"><button class=\"w-tabs-section-header\" aria-controls=\"content-1613740149953-c5fab228-e000\" aria-expanded=\"false\"><p class=\"w-tabs-section-title\">Czy musz\u0119 mie\u0107 holenderski rachunek bankowy?<\/p><div class=\"w-tabs-section-control\"><\/div><\/button><div  class=\"w-tabs-section-content\" id=\"content-1613740149953-c5fab228-e000\"><div class=\"w-tabs-section-content-h i-cf\"><div class=\"wpb_text_column\"><div class=\"wpb_wrapper\"><p>Nie. Musisz jednak dysponowa\u0107 numerem rachunku bankowego w formacie IBAN oraz aktywn\u0105 kart\u0105 bankow\u0105. Twoje wynagrodzenie przelewane jest na rachunek, a wi\u0119c nie b\u0119dzie wyp\u0142acane w got\u00f3wce.<\/p>\n<\/div><\/div><\/div><\/div><\/div><div class=\"w-tabs-section\" id=\"1613740247704-a9dfe94f-5d90\"><button class=\"w-tabs-section-header\" aria-controls=\"content-1613740247704-a9dfe94f-5d90\" aria-expanded=\"false\"><p class=\"w-tabs-section-title\">Czy jest miejsce na imprezy towarzyskie?<\/p><div class=\"w-tabs-section-control\"><\/div><\/button><div  class=\"w-tabs-section-content\" id=\"content-1613740247704-a9dfe94f-5d90\"><div class=\"w-tabs-section-content-h i-cf\"><div class=\"wpb_text_column\"><div class=\"wpb_wrapper\"><p>Ka\u017cde miejsce zakwaterowania dysponuje przestrzeni\u0105 pozwalaj\u0105c\u0105 na zorganizowanie spotka\u0144 towarzyskich.<\/p>\n<\/div><\/div><\/div><\/div><\/div><div class=\"w-tabs-section\" id=\"1613740312399-cc347a75-8f25\"><button class=\"w-tabs-section-header\" aria-controls=\"content-1613740312399-cc347a75-8f25\" aria-expanded=\"false\"><p class=\"w-tabs-section-title\">Nie mam numeru rejestracyjnego w Holandii. Czy mimo to mog\u0119 przyjecha\u0107 do pracy?<\/p><div class=\"w-tabs-section-control\"><\/div><\/button><div  class=\"w-tabs-section-content\" id=\"content-1613740312399-cc347a75-8f25\"><div class=\"w-tabs-section-content-h i-cf\"><div class=\"wpb_text_column\"><div class=\"wpb_wrapper\"><p>Tak. Nie jest to problemem. Pomagamy w uzyskaniu tzw. numeru BSN w urz\u0119dzie gminy.<\/p>\n<\/div><\/div><\/div><\/div><\/div><\/div><\/div><\/div><\/div><\/div><\/div><\/div><\/section><section class=\"l-section wpb_row us_custom_8bf343e8 height_auto\"><div class=\"l-section-h i-cf\"><div class=\"g-cols vc_row via_flex valign_bottom type_default stacking_default\"><div class=\"vc_col-sm-6 wpb_column vc_column_container\"><div class=\"vc_column-inner us_custom_e968d355\"><div class=\"wpb_wrapper\"><div class=\"g-cols wpb_row via_flex valign_top type_default stacking_default\"><div class=\"vc_col-sm-12 wpb_column vc_column_container\"><div class=\"vc_column-inner\"><div class=\"wpb_wrapper\"><div class=\"wpb_text_column us_custom_e0d0f9e5\"><div class=\"wpb_wrapper\"><h2>How can<br \/>\nwe help you?<\/h2>\n<\/div><\/div><\/div><\/div><\/div><div class=\"vc_col-sm-12 wpb_column vc_column_container\"><div class=\"vc_column-inner\"><div class=\"wpb_wrapper\"><div class=\"w-separator size_small\"><\/div>\n\t<div class=\"wpb_raw_code wpb_raw_html wpb_content_element us_custom_909b2fd0\" >\n\t\t<div class=\"wpb_wrapper\">\n\t\t\t<hr class=\"line\">\n\t\t<\/div>\n\t<\/div>\n<div class=\"w-separator size_small\"><\/div><\/div><\/div><\/div><div class=\"vc_col-sm-12 wpb_column vc_column_container\"><div class=\"vc_column-inner\"><div class=\"wpb_wrapper\"><div class=\"wpb_text_column us_custom_a5c88937\"><div class=\"wpb_wrapper\"><p>Would you like to know how Van den Elzen Plants can contribute to your successful production and optimum financial results? And how we can help you face both today\u2019s and tomorrow\u2019s challenges? Contact us without obligation or make an appointment to visit our main location in Erp.<\/p>\n<\/div><\/div><div class=\"w-separator size_small\"><\/div><div class=\"w-btn-wrapper align_none\"><a class=\"w-btn us-btn-style_1 us_custom_492179a4\" href=\"\/en\/contact\/\"><span class=\"w-btn-label\">Contact<\/span><\/a><\/div><\/div><\/div><\/div><\/div><div class=\"w-separator size_custom\" style=\"height:200px\" id=\"o26c\"><style>@media(max-width:1999px){ #o26c{height:120px!important}}@media(max-width:600px){ #o26c{height:30px!important}}<\/style><\/div><\/div><\/div><\/div><div class=\"vc_col-sm-6 wpb_column vc_column_container border-radius-left-top stretched\"><div class=\"vc_column-inner us_custom_e11a849a\"><div class=\"wpb_wrapper\"><div class=\"w-image align_none\"><div class=\"w-image-h\"><img decoding=\"async\" width=\"1400\" height=\"950\" src=\"https:\/\/www.vandenelzenplants.com\/wp-content\/uploads\/2022\/08\/Hoe-kunnen-wij-u-helpen_Footer_1400x950px.jpg\" class=\"attachment-full size-full\" alt=\"\" loading=\"lazy\" srcset=\"https:\/\/www.vandenelzenplants.com\/wp-content\/uploads\/2022\/08\/Hoe-kunnen-wij-u-helpen_Footer_1400x950px.jpg 1400w, https:\/\/www.vandenelzenplants.com\/wp-content\/uploads\/2022\/08\/Hoe-kunnen-wij-u-helpen_Footer_1400x950px-300x204.jpg 300w, https:\/\/www.vandenelzenplants.com\/wp-content\/uploads\/2022\/08\/Hoe-kunnen-wij-u-helpen_Footer_1400x950px-1024x695.jpg 1024w, https:\/\/www.vandenelzenplants.com\/wp-content\/uploads\/2022\/08\/Hoe-kunnen-wij-u-helpen_Footer_1400x950px-18x12.jpg 18w\" sizes=\"auto, (max-width: 1400px) 100vw, 1400px\" \/><\/div><\/div><\/div><\/div><\/div><\/div><\/div><\/section><section class=\"l-section wpb_row height_medium\"><div class=\"l-section-h i-cf\"><div class=\"g-cols vc_row via_flex valign_top type_default stacking_default\"><div class=\"vc_col-sm-12 wpb_column vc_column_container\"><div class=\"vc_column-inner\"><div class=\"wpb_wrapper\">\n\t<div class=\"wpb_raw_code wpb_raw_html wpb_content_element us_custom_909b2fd0\" >\n\t\t<div class=\"wpb_wrapper\">\n\t\t\t<div id=\"myModal\" class=\"w-popup-wrap1 pos_fixed1\">\n    <div class=\"w-popup-box1 animation_fadeIn without_title active\" style=\"width:600px; background-color:#8DB443; margin:auto;\">\n        <div class=\"w-popup-box-h1\">\n            <div class=\"w-popup-box-content1\"\n                style=\"padding:5%;background:#8DB443; color:var(--color-content-text);\">\n                <p>Przepraszamy. Strona internetowa nie jest dost\u0119pna w tym j\u0119zyku.  <\/p>\n<p>Je\u015bli chcesz zapozna\u0107 si\u0119 ze stron\u0105 w j\u0119zyku angielskim, <a href=\"https:\/\/www.vandenelzenplants.com\/en\/\"><u>kliknij tutaj.<\/u><\/a><\/p>\n<p> Je\u015bli chcesz przeczyta\u0107 oferty pracy w j\u0119zyku polskim, <a class=\"close\"><u>kliknij tutaj.<\/u> <\/a> <\/p>\n\n            <\/div>\n        <\/div>\n    <\/div>\n   \n<\/div>\n\t\t<\/div>\n\t<\/div>\n\n\t<div class=\"wpb_raw_code wpb_raw_js\" >\n\t\t<div class=\"wpb_wrapper\">\n\t\t\t<script> \nwindow.onload = (event) => {\n\n<!-- 2000millisecond delay -->\nsetTimeout(function(){\nvar modal = document.getElementById(\"myModal\");\n modal.style.display = \"flex\";\n\/\/ Get the <span> element that closes the modal\nvar span = document.getElementsByClassName(\"close\")[0];\n\n\/\/ When the user clicks on <span> (x), close the modal\nspan.onclick = function() {\n  modal.style.display = \"none\";\n}\n\n\/\/ When the user clicks anywhere outside of the modal, close it\nwindow.onclick = function(event) {\n  if (event.target == modal) {\n    modal.style.display = \"none\";\n  }\n}\n}, 500);\n};\n <\/script>\n\t\t<\/div>\n\t<\/div>\n<\/div><\/div><\/div><\/div><\/div><\/section>\n","protected":false},"excerpt":{"rendered":"PRACA SEZONOWA PRACA W VAN DEN ELZEN PLANTS Van den Elzen Plants regularnie poszukuje pracownik\u00f3w do r\u00f3\u017cnego rodzaju prac sezonowych. Mo\u017ce to by\u0107 np. sortowanie i pakowanie sadzonek truskawek, malin, szparag\u00f3w i je\u017cyn lub sadzenie sadzonek truskawek, malin i je\u017cyn. Do zakresu prac nale\u017cy r\u00f3wnie\u017c odchwaszczanie p\u00f3l. Wykonywane czynno\u015bci nale\u017c\u0105 do prac sezonowych. Ze wzgl\u0119du...","protected":false},"author":1,"featured_media":0,"parent":5288,"menu_order":0,"comment_status":"closed","ping_status":"closed","template":"","meta":{"footnotes":""},"class_list":["post-5290","page","type-page","status-publish","hentry"],"yoast_head":"<!-- This site is optimized with the Yoast SEO plugin v27.4 - https:\/\/yoast.com\/product\/yoast-seo-wordpress\/ -->\n<title>Seizoenswerk - Van Den Elzen<\/title>\n<meta name=\"robots\" content=\"index, follow, max-snippet:-1, max-image-preview:large, max-video-preview:-1\" \/>\n<link rel=\"canonical\" href=\"https:\/\/www.vandenelzenplants.com\/de\/pl\/werken-bij\/seizoenswerk\/\" \/>\n<meta property=\"og:locale\" content=\"de_DE\" \/>\n<meta property=\"og:type\" content=\"article\" \/>\n<meta property=\"og:title\" content=\"Seizoenswerk - Van Den Elzen\" \/>\n<meta property=\"og:url\" content=\"https:\/\/www.vandenelzenplants.com\/de\/pl\/werken-bij\/seizoenswerk\/\" \/>\n<meta property=\"og:site_name\" content=\"Van Den Elzen\" \/>\n<meta property=\"article:publisher\" content=\"https:\/\/nl-nl.facebook.com\/pages\/category\/Interest\/Van-den-Elzen-Plants-1284105098316678\/\" \/>\n<meta property=\"article:modified_time\" content=\"2025-11-27T15:21:28+00:00\" \/>\n<meta name=\"twitter:card\" content=\"summary_large_image\" \/>\n<meta name=\"twitter:label1\" content=\"Gesch\u00e4tzte Lesezeit\" \/>\n\t<meta name=\"twitter:data1\" content=\"6\u00a0Minuten\" \/>\n<script type=\"application\/ld+json\" class=\"yoast-schema-graph\">{\"@context\":\"https:\\\/\\\/schema.org\",\"@graph\":[{\"@type\":\"WebPage\",\"@id\":\"https:\\\/\\\/www.vandenelzenplants.com\\\/pl\\\/werken-bij\\\/seizoenswerk\\\/\",\"url\":\"https:\\\/\\\/www.vandenelzenplants.com\\\/pl\\\/werken-bij\\\/seizoenswerk\\\/\",\"name\":\"Seizoenswerk - Van Den Elzen\",\"isPartOf\":{\"@id\":\"https:\\\/\\\/www.vandenelzenplants.com\\\/#website\"},\"datePublished\":\"2022-11-16T15:27:32+00:00\",\"dateModified\":\"2025-11-27T15:21:28+00:00\",\"breadcrumb\":{\"@id\":\"https:\\\/\\\/www.vandenelzenplants.com\\\/pl\\\/werken-bij\\\/seizoenswerk\\\/#breadcrumb\"},\"inLanguage\":\"de\",\"potentialAction\":[{\"@type\":\"ReadAction\",\"target\":[\"https:\\\/\\\/www.vandenelzenplants.com\\\/pl\\\/werken-bij\\\/seizoenswerk\\\/\"]}]},{\"@type\":\"BreadcrumbList\",\"@id\":\"https:\\\/\\\/www.vandenelzenplants.com\\\/pl\\\/werken-bij\\\/seizoenswerk\\\/#breadcrumb\",\"itemListElement\":[{\"@type\":\"ListItem\",\"position\":1,\"name\":\"Home\",\"item\":\"https:\\\/\\\/www.vandenelzenplants.com\\\/\"},{\"@type\":\"ListItem\",\"position\":2,\"name\":\"PL\",\"item\":\"https:\\\/\\\/www.vandenelzenplants.com\\\/pl\\\/\"},{\"@type\":\"ListItem\",\"position\":3,\"name\":\"Werken bij\",\"item\":\"https:\\\/\\\/www.vandenelzenplants.com\\\/pl\\\/werken-bij\\\/\"},{\"@type\":\"ListItem\",\"position\":4,\"name\":\"Seizoenswerk\"}]},{\"@type\":\"WebSite\",\"@id\":\"https:\\\/\\\/www.vandenelzenplants.com\\\/#website\",\"url\":\"https:\\\/\\\/www.vandenelzenplants.com\\\/\",\"name\":\"Van Den Elzen\",\"description\":\"Experts in propagation\",\"publisher\":{\"@id\":\"https:\\\/\\\/www.vandenelzenplants.com\\\/#organization\"},\"potentialAction\":[{\"@type\":\"SearchAction\",\"target\":{\"@type\":\"EntryPoint\",\"urlTemplate\":\"https:\\\/\\\/www.vandenelzenplants.com\\\/?s={search_term_string}\"},\"query-input\":{\"@type\":\"PropertyValueSpecification\",\"valueRequired\":true,\"valueName\":\"search_term_string\"}}],\"inLanguage\":\"de\"},{\"@type\":\"Organization\",\"@id\":\"https:\\\/\\\/www.vandenelzenplants.com\\\/#organization\",\"name\":\"Van Den Elzen plants\",\"url\":\"https:\\\/\\\/www.vandenelzenplants.com\\\/\",\"logo\":{\"@type\":\"ImageObject\",\"inLanguage\":\"de\",\"@id\":\"https:\\\/\\\/www.vandenelzenplants.com\\\/#\\\/schema\\\/logo\\\/image\\\/\",\"url\":\"https:\\\/\\\/www.vandenelzenplants.com\\\/wp-content\\\/uploads\\\/2021\\\/03\\\/Logo_Van-den-Elzen_v2.png\",\"contentUrl\":\"https:\\\/\\\/www.vandenelzenplants.com\\\/wp-content\\\/uploads\\\/2021\\\/03\\\/Logo_Van-den-Elzen_v2.png\",\"width\":340,\"height\":393,\"caption\":\"Van Den Elzen plants\"},\"image\":{\"@id\":\"https:\\\/\\\/www.vandenelzenplants.com\\\/#\\\/schema\\\/logo\\\/image\\\/\"},\"sameAs\":[\"https:\\\/\\\/nl-nl.facebook.com\\\/pages\\\/category\\\/Interest\\\/Van-den-Elzen-Plants-1284105098316678\\\/\",\"https:\\\/\\\/www.instagram.com\\\/vandenelzenplants\\\/\",\"https:\\\/\\\/www.youtube.com\\\/channel\\\/UCTTrDs1pCRfyTQh7ov9tgLw\"]}]}<\/script>\n<!-- \/ Yoast SEO plugin. -->","yoast_head_json":{"title":"Seizoenswerk - Van Den Elzen","robots":{"index":"index","follow":"follow","max-snippet":"max-snippet:-1","max-image-preview":"max-image-preview:large","max-video-preview":"max-video-preview:-1"},"canonical":"https:\/\/www.vandenelzenplants.com\/de\/pl\/werken-bij\/seizoenswerk\/","og_locale":"de_DE","og_type":"article","og_title":"Seizoenswerk - Van Den Elzen","og_url":"https:\/\/www.vandenelzenplants.com\/de\/pl\/werken-bij\/seizoenswerk\/","og_site_name":"Van Den Elzen","article_publisher":"https:\/\/nl-nl.facebook.com\/pages\/category\/Interest\/Van-den-Elzen-Plants-1284105098316678\/","article_modified_time":"2025-11-27T15:21:28+00:00","twitter_card":"summary_large_image","twitter_misc":{"Gesch\u00e4tzte Lesezeit":"6\u00a0Minuten"},"schema":{"@context":"https:\/\/schema.org","@graph":[{"@type":"WebPage","@id":"https:\/\/www.vandenelzenplants.com\/pl\/werken-bij\/seizoenswerk\/","url":"https:\/\/www.vandenelzenplants.com\/pl\/werken-bij\/seizoenswerk\/","name":"Seizoenswerk - Van Den Elzen","isPartOf":{"@id":"https:\/\/www.vandenelzenplants.com\/#website"},"datePublished":"2022-11-16T15:27:32+00:00","dateModified":"2025-11-27T15:21:28+00:00","breadcrumb":{"@id":"https:\/\/www.vandenelzenplants.com\/pl\/werken-bij\/seizoenswerk\/#breadcrumb"},"inLanguage":"de","potentialAction":[{"@type":"ReadAction","target":["https:\/\/www.vandenelzenplants.com\/pl\/werken-bij\/seizoenswerk\/"]}]},{"@type":"BreadcrumbList","@id":"https:\/\/www.vandenelzenplants.com\/pl\/werken-bij\/seizoenswerk\/#breadcrumb","itemListElement":[{"@type":"ListItem","position":1,"name":"Home","item":"https:\/\/www.vandenelzenplants.com\/"},{"@type":"ListItem","position":2,"name":"PL","item":"https:\/\/www.vandenelzenplants.com\/pl\/"},{"@type":"ListItem","position":3,"name":"Werken bij","item":"https:\/\/www.vandenelzenplants.com\/pl\/werken-bij\/"},{"@type":"ListItem","position":4,"name":"Seizoenswerk"}]},{"@type":"WebSite","@id":"https:\/\/www.vandenelzenplants.com\/#website","url":"https:\/\/www.vandenelzenplants.com\/","name":"Van Den Elzen","description":"Experts in propagation","publisher":{"@id":"https:\/\/www.vandenelzenplants.com\/#organization"},"potentialAction":[{"@type":"SearchAction","target":{"@type":"EntryPoint","urlTemplate":"https:\/\/www.vandenelzenplants.com\/?s={search_term_string}"},"query-input":{"@type":"PropertyValueSpecification","valueRequired":true,"valueName":"search_term_string"}}],"inLanguage":"de"},{"@type":"Organization","@id":"https:\/\/www.vandenelzenplants.com\/#organization","name":"Van Den Elzen plants","url":"https:\/\/www.vandenelzenplants.com\/","logo":{"@type":"ImageObject","inLanguage":"de","@id":"https:\/\/www.vandenelzenplants.com\/#\/schema\/logo\/image\/","url":"https:\/\/www.vandenelzenplants.com\/wp-content\/uploads\/2021\/03\/Logo_Van-den-Elzen_v2.png","contentUrl":"https:\/\/www.vandenelzenplants.com\/wp-content\/uploads\/2021\/03\/Logo_Van-den-Elzen_v2.png","width":340,"height":393,"caption":"Van Den Elzen plants"},"image":{"@id":"https:\/\/www.vandenelzenplants.com\/#\/schema\/logo\/image\/"},"sameAs":["https:\/\/nl-nl.facebook.com\/pages\/category\/Interest\/Van-den-Elzen-Plants-1284105098316678\/","https:\/\/www.instagram.com\/vandenelzenplants\/","https:\/\/www.youtube.com\/channel\/UCTTrDs1pCRfyTQh7ov9tgLw"]}]}},"_links":{"self":[{"href":"https:\/\/www.vandenelzenplants.com\/de\/wp-json\/wp\/v2\/pages\/5290","targetHints":{"allow":["GET"]}}],"collection":[{"href":"https:\/\/www.vandenelzenplants.com\/de\/wp-json\/wp\/v2\/pages"}],"about":[{"href":"https:\/\/www.vandenelzenplants.com\/de\/wp-json\/wp\/v2\/types\/page"}],"author":[{"embeddable":true,"href":"https:\/\/www.vandenelzenplants.com\/de\/wp-json\/wp\/v2\/users\/1"}],"replies":[{"embeddable":true,"href":"https:\/\/www.vandenelzenplants.com\/de\/wp-json\/wp\/v2\/comments?post=5290"}],"version-history":[{"count":0,"href":"https:\/\/www.vandenelzenplants.com\/de\/wp-json\/wp\/v2\/pages\/5290\/revisions"}],"up":[{"embeddable":true,"href":"https:\/\/www.vandenelzenplants.com\/de\/wp-json\/wp\/v2\/pages\/5288"}],"wp:attachment":[{"href":"https:\/\/www.vandenelzenplants.com\/de\/wp-json\/wp\/v2\/media?parent=5290"}],"curies":[{"name":"wp","href":"https:\/\/api.w.org\/{rel}","templated":true}]}}