{"id":5307,"date":"2022-11-17T12:12:27","date_gmt":"2022-11-17T12:12:27","guid":{"rendered":"https:\/\/www.vandenelzenplants.com\/?page_id=5307"},"modified":"2025-11-27T15:23:15","modified_gmt":"2025-11-27T15:23:15","slug":"seizoenswerk","status":"publish","type":"page","link":"https:\/\/www.vandenelzenplants.com\/de\/ro\/werken-bij\/seizoenswerk\/","title":{"rendered":"Seizoenswerk"},"content":{"rendered":"<section class=\"l-section wpb_row height_auto\"><div class=\"l-section-h i-cf\"><div class=\"g-cols vc_row via_flex valign_middle type_default reversed stacking_default\"><div class=\"vc_col-sm-6 wpb_column vc_column_container\"><div class=\"vc_column-inner\"><div class=\"wpb_wrapper\"><div class=\"w-separator size_small\"><\/div><div class=\"wpb_text_column us_custom_d2764f55\"><div class=\"wpb_wrapper\"><h1>Munc\u0103 sezonier\u0103<\/h1>\n<\/div><\/div>\n\t<div class=\"wpb_raw_code wpb_raw_html wpb_content_element us_custom_909b2fd0\" >\n\t\t<div class=\"wpb_wrapper\">\n\t\t\t<hr class=\"line_kop\">\n\t\t<\/div>\n\t<\/div>\n<div class=\"w-separator size_small\"><\/div><\/div><\/div><\/div><div class=\"vc_col-sm-6 wpb_column vc_column_container border-radius-left-bottom has_bg_color stretched\"><div class=\"vc_column-inner us_custom_024b1c5e\"><div class=\"wpb_wrapper\"><\/div><\/div><\/div><\/div><\/div><\/section><section class=\"l-section wpb_row height_small\"><div class=\"l-section-h i-cf\"><div class=\"g-cols vc_row via_flex valign_middle type_default stacking_default\"><div class=\"vc_col-sm-6 wpb_column vc_column_container stretched\"><div class=\"vc_column-inner us_custom_5a516e69\"><div class=\"wpb_wrapper\"><div class=\"w-image border-radius-right-top-bottom align_center\"><div class=\"w-image-h\"><img decoding=\"async\" width=\"1200\" height=\"950\" src=\"https:\/\/www.vandenelzenplants.com\/wp-content\/uploads\/2021\/10\/254A2890-1200x950px.jpg\" class=\"attachment-full size-full\" alt=\"\" loading=\"lazy\" srcset=\"https:\/\/www.vandenelzenplants.com\/wp-content\/uploads\/2021\/10\/254A2890-1200x950px.jpg 1200w, https:\/\/www.vandenelzenplants.com\/wp-content\/uploads\/2021\/10\/254A2890-1200x950px-300x238.jpg 300w, https:\/\/www.vandenelzenplants.com\/wp-content\/uploads\/2021\/10\/254A2890-1200x950px-1024x811.jpg 1024w\" sizes=\"auto, (max-width: 1200px) 100vw, 1200px\" \/><\/div><\/div><\/div><\/div><\/div><div class=\"vc_col-sm-6 wpb_column vc_column_container\"><div class=\"vc_column-inner\"><div class=\"wpb_wrapper\"><div class=\"w-separator size_custom\" style=\"height:0\" id=\"v978\"><style>@media(max-width:1024px){ #v978{height:30px!important}}@media(max-width:600px){ #v978{height:30px!important}}<\/style><\/div><div class=\"g-cols wpb_row via_flex valign_top type_default stacking_default\"><div class=\"vc_col-sm-12 wpb_column vc_column_container\"><div class=\"vc_column-inner\"><div class=\"wpb_wrapper\"><div class=\"w-separator size_huge\"><\/div><div class=\"wpb_text_column us_custom_50463aa5\"><div class=\"wpb_wrapper\"><h2>LUCRUL LA<br \/>\nVAN DEN ELZEN<br \/>\nPLANTS<\/h2>\n<\/div><\/div><\/div><\/div><\/div><div class=\"vc_col-sm-12 wpb_column vc_column_container\"><div class=\"vc_column-inner\"><div class=\"wpb_wrapper\"><div class=\"w-separator size_small\"><\/div>\n\t<div class=\"wpb_raw_code wpb_raw_html wpb_content_element us_custom_909b2fd0\" >\n\t\t<div class=\"wpb_wrapper\">\n\t\t\t<hr class=\"line\">\n\t\t<\/div>\n\t<\/div>\n<div class=\"w-separator size_small\"><\/div><\/div><\/div><\/div><div class=\"vc_col-sm-12 wpb_column vc_column_container\"><div class=\"vc_column-inner\"><div class=\"wpb_wrapper\"><div class=\"wpb_text_column us_custom_a5c88937\"><div class=\"wpb_wrapper\"><p>Van den Elzen Plants caut\u0103 frecvent angaja\u021bi pentru diverse tipuri de activit\u0103\u021bi sezoniere. Pentru sortarea \u0219i ambalarea r\u0103sadurilor de c\u0103p\u0219uni, zmeur\u0103 \u0219i sparanghel \u0219i pentru plantarea r\u0103sadurilor de c\u0103p\u0219uni \u0219i zmeur\u0103. Printre activit\u0103\u021bi se num\u0103r\u0103 \u0219i plivirea buruienilor de pe c\u00e2mpurile de culturi.<\/p>\n<p>Activit\u0103\u021bile se refer\u0103 la activitate sezonier\u0103. Datorit\u0103 diferitelor culturi pe care le are Van den Elzen Plants \u0219i a proceselor de produc\u021bie aferente, este de lucru aproape tot timpul anului, cu excep\u021bia c\u00e2torva luni.<\/p>\n<\/div><\/div><\/div><\/div><\/div><\/div><\/div><\/div><\/div><\/div><\/div><\/section><section class=\"l-section wpb_row height_medium\"><div class=\"l-section-h i-cf\"><div class=\"g-cols vc_row via_flex valign_top type_default stacking_default\"><div class=\"vc_col-sm-12 wpb_column vc_column_container\"><div class=\"vc_column-inner\"><div class=\"wpb_wrapper\"><div class=\"wpb_text_column us_custom_50463aa5\"><div class=\"wpb_wrapper\"><h2>Lucrul<\/h2>\n<\/div><\/div>\n\t<div class=\"wpb_raw_code wpb_raw_html wpb_content_element us_custom_909b2fd0\" >\n\t\t<div class=\"wpb_wrapper\">\n\t\t\t<hr class=\"line\">\n\t\t<\/div>\n\t<\/div>\n<div class=\"w-separator size_large\"><\/div><\/div><\/div><\/div><div class=\"vc_col-sm-6 wpb_column vc_column_container\"><div class=\"vc_column-inner\"><div class=\"wpb_wrapper\"><div class=\"wpb_text_column\"><div class=\"wpb_wrapper\"><p><strong>Munca<\/strong><\/p>\n<\/div><\/div><div class=\"wpb_text_column us_custom_ab531171\"><div class=\"wpb_wrapper\"><p>Exist\u0103 diverse tipuri de activit\u0103\u021bi care trebuie efectuate la Van den Elzen Plants. Mare parte din activit\u0103\u021bi se desf\u0103\u0219oar\u0103 \u00een hale, la sortarea, t\u0103ierea \u0219i ambalare plantelor. Printre activit\u0103\u021bi se num\u0103r\u0103 \u0219i plantarea de r\u0103saduri tinere, plivirea buruienilor de pe c\u00e2mpuri \u0219i replantarea r\u0103sadurilor de c\u0103p\u0219uni.<\/p>\n<p>Munca la Van den Elzen Plants este intens\u0103 \u0219i cu multe satisfac\u021bii. Lucra\u021bi \u00eentr-o echip\u0103 mai mereu \u0219i din acest motiv ave\u021bi ocazia s\u0103 cunoa\u0219te\u021bi o mul\u021bime de oameni. Dac\u0103 veni\u021bi s\u0103 lucra\u021bi la noi, nu putem s\u0103 v\u0103 spunem dinainte unde anume ve\u021bi fi repartizat. Este indicat s\u0103 ne spune\u021bi dac\u0103 ave\u021bi anumite diplome sau competen\u021be, sau dac\u0103 a\u021bi urmat anumite cursuri. Astfel putem \u00eencerca s\u0103 adapt\u0103m pe c\u00e2t posibil activit\u0103\u021bile disponibile. Ave\u021bi \u00een vedere permisul de conducere sau experien\u021ba anterioar\u0103 \u00een horticultur\u0103.<\/p>\n<\/div><\/div><div class=\"wpb_text_column\"><div class=\"wpb_wrapper\"><p><strong>Programul de lucru \u0219i salariul<\/strong><\/p>\n<\/div><\/div><div class=\"wpb_text_column\"><div class=\"wpb_wrapper\"><p>Este necesar\u0103 flexibilitatea \u00een ce prive\u0219te programul de lucru, deoarece este posibil ca \u00eentr-o perioad\u0103 scurt\u0103 s\u0103 avem foarte mult de lucru.<\/p>\n<p>Salariul se pl\u0103te\u0219te 1 dat\u0103 la 4 s\u0103pt\u0103m\u00e2ni. Ve\u021bi primi un flutura\u0219 de salariu pe adresa dumneavoastr\u0103 de e-mail. Ve\u021bi primi o declara\u021bie anual\u0103 la sf\u00e2r\u0219itul anului calendaristic. Pentru transferarea salariului dumneavoastr\u0103 avem nevoie de un num\u0103r de cont cu IBAN valabil. Ne vom asigura c\u0103 efectu\u0103m la timp plata.<\/p>\n<p>\u00cen perioada \u00een care lucra\u021bi la Van den Elzen Plants vom \u00eencheia o asigurare de s\u0103n\u0103tate la Hollandzorg pe numele dumneavoastr\u0103.<\/p>\n<\/div><\/div><div class=\"wpb_text_column\"><div class=\"wpb_wrapper\"><p><strong>Formare \u0219i dezvoltare <\/strong><\/p>\n<\/div><\/div><div class=\"wpb_text_column\"><div class=\"wpb_wrapper\"><p>Dac\u0103 ve\u021bi veni s\u0103 lucra\u021bi la Van den Elzen Plants calitatea \u0219i viteza \u00een munc\u0103 sunt importante. C\u00e2nd ve\u021bi \u00eencepe lucrul ve\u021bi fi ajutat s\u0103 v\u0103 integra\u021bi de un coleg cu mai mult\u0103 experien\u021b\u0103. Dac\u0103 ceva este neclar pute\u021bi apela \u00eentotdeauna la colegii cu experien\u021b\u0103.<\/p>\n<\/div><\/div><\/div><\/div><\/div><div class=\"vc_col-sm-6 wpb_column vc_column_container stretched\"><div class=\"vc_column-inner us_custom_e1202394\"><div class=\"wpb_wrapper\"><div class=\"w-image border-radius-left-top-bottom align_center\"><div class=\"w-image-h\"><img decoding=\"async\" width=\"1400\" height=\"950\" src=\"https:\/\/www.vandenelzenplants.com\/wp-content\/uploads\/2022\/08\/Vacature_Logistiek-medewerker_Heb-je-intresse_1400x950px.jpg\" class=\"attachment-full size-full\" alt=\"\" loading=\"lazy\" srcset=\"https:\/\/www.vandenelzenplants.com\/wp-content\/uploads\/2022\/08\/Vacature_Logistiek-medewerker_Heb-je-intresse_1400x950px.jpg 1400w, https:\/\/www.vandenelzenplants.com\/wp-content\/uploads\/2022\/08\/Vacature_Logistiek-medewerker_Heb-je-intresse_1400x950px-300x204.jpg 300w, https:\/\/www.vandenelzenplants.com\/wp-content\/uploads\/2022\/08\/Vacature_Logistiek-medewerker_Heb-je-intresse_1400x950px-1024x695.jpg 1024w, https:\/\/www.vandenelzenplants.com\/wp-content\/uploads\/2022\/08\/Vacature_Logistiek-medewerker_Heb-je-intresse_1400x950px-18x12.jpg 18w\" sizes=\"auto, (max-width: 1400px) 100vw, 1400px\" \/><\/div><\/div><\/div><\/div><\/div><\/div><\/div><\/section><section class=\"l-section wpb_row height_medium\"><div class=\"l-section-h i-cf\"><div class=\"g-cols vc_row via_flex valign_top type_default stacking_default\"><div class=\"vc_col-sm-6 wpb_column vc_column_container\"><div class=\"vc_column-inner us_custom_ded3cb08\"><div class=\"wpb_wrapper\"><div class=\"g-cols wpb_row via_flex valign_top type_default stacking_default\"><div class=\"vc_col-sm-12 wpb_column vc_column_container\"><div class=\"vc_column-inner\"><div class=\"wpb_wrapper\"><div class=\"wpb_text_column us_custom_492179a4\"><div class=\"wpb_wrapper\"><h3>Modul de via\u021b\u0103 \u0219i cazare<\/h3>\n<\/div><\/div><\/div><\/div><\/div><div class=\"vc_col-sm-12 wpb_column vc_column_container\"><div class=\"vc_column-inner\"><div class=\"wpb_wrapper\"><div class=\"w-separator size_small\"><\/div>\n\t<div class=\"wpb_raw_code wpb_raw_html wpb_content_element us_custom_909b2fd0\" >\n\t\t<div class=\"wpb_wrapper\">\n\t\t\t<hr class=\"line\">\n\t\t<\/div>\n\t<\/div>\n<div class=\"w-separator size_small\"><\/div><\/div><\/div><\/div><div class=\"vc_col-sm-12 wpb_column vc_column_container\"><div class=\"vc_column-inner\"><div class=\"wpb_wrapper\"><div class=\"wpb_text_column\"><div class=\"wpb_wrapper\"><p><strong>Spa\u021biile de cazare <\/strong><\/p>\n<p>Dac\u0103 veni\u021bi s\u0103 lucra\u021bi la Van den Elzen Plants v\u0103 vom asigura cazare c\u00e2t ve\u021bi lucra la noi. Vom calcula costurile pe care le ave\u021bi de pl\u0103tit.<br \/>\nVan den Elzen Plants utilizeaz\u0103 diverse spa\u021bii pentru cazarea personalului, toate pe o raz\u0103 de 35 km de spa\u021biul principal din Erp.<\/p>\n<p>Dac\u0103 ave\u021bi un spa\u021biu de cazare \u00een afara sediului principal, Van den Elzen Plants va asigura transportul de acolo la locul de munc\u0103 \u0219i \u00eenapoi.<\/p>\n<p>Este posibil s\u0103 locui\u021bi \u0219i \u00een afara spa\u021biilor de cazare puse la dispozi\u021bie de companie. Acest lucru se face pe cheltuiala dumneavoastr\u0103. \u00cen acest caz trebuie s\u0103 v\u0103 ocupa\u021bi singur de transportul la \u0219i de la locul de munc\u0103.<\/p>\n<p><strong>Pe durata \u0219ederii<\/strong><\/p>\n<p>Pe durata \u0219ederii dumneavoastr\u0103 la Van den Elzen Plants v\u0103 pute\u021bi adresa superiorului dumneavoastr\u0103 dac\u0103 ave\u021bi \u00eentreb\u0103ri. Dac\u0103 \u00eentrebarea se refer\u0103 la activit\u0103\u021bile curente sau, de exemplu, la o vizit\u0103 la medic, pute\u021bi lua leg\u0103tura cu angajatul nostru privind Problemele de Personal.<\/p>\n<\/div><\/div><\/div><\/div><\/div><\/div><\/div><\/div><\/div><div class=\"vc_col-sm-6 wpb_column vc_column_container\"><div class=\"vc_column-inner\"><div class=\"wpb_wrapper\"><div class=\"g-cols wpb_row via_flex valign_top type_default stacking_default\"><div class=\"vc_col-sm-12 wpb_column vc_column_container\"><div class=\"vc_column-inner\"><div class=\"wpb_wrapper\"><div class=\"wpb_text_column us_custom_492179a4\"><div class=\"wpb_wrapper\"><h3>De luat cu dumneavoastr\u0103<\/h3>\n<\/div><\/div><\/div><\/div><\/div><div class=\"vc_col-sm-12 wpb_column vc_column_container\"><div class=\"vc_column-inner\"><div class=\"wpb_wrapper\"><div class=\"w-separator size_small\"><\/div>\n\t<div class=\"wpb_raw_code wpb_raw_html wpb_content_element us_custom_909b2fd0\" >\n\t\t<div class=\"wpb_wrapper\">\n\t\t\t<hr class=\"line\">\n\t\t<\/div>\n\t<\/div>\n<div class=\"w-separator size_small\"><\/div><\/div><\/div><\/div><div class=\"vc_col-sm-12 wpb_column vc_column_container\"><div class=\"vc_column-inner\"><div class=\"wpb_wrapper\"><div class=\"wpb_text_column\"><div class=\"wpb_wrapper\"><p>Ce trebuie s\u0103 lua\u021bi cu dumneavoastr\u0103 dac\u0103 veni\u021bi s\u0103 lucra\u021bi la Van den Elzen Plants:<\/p>\n<ul>\n<li>Carte de identitate \/ Pa\u0219aport<\/li>\n<li>Permis de conducere<\/li>\n<li>Sac de dormit \u0219i perne<\/li>\n<li>M\u0103nu\u0219i<\/li>\n<li>Echipament de lucru<\/li>\n<li>Cizme \/ pantofi de lucru<\/li>\n<li>\u00cembr\u0103c\u0103minte de ploaie<\/li>\n<li>V\u0103 recomand\u0103m s\u0103 ave\u021bi aproximativ 100 \u20ac \u00een numerar<\/li>\n<\/ul>\n<\/div><\/div><\/div><\/div><\/div><\/div><\/div><\/div><\/div><\/div><\/div><\/section><section class=\"l-section wpb_row height_medium\"><div class=\"l-section-h i-cf\"><div class=\"g-cols vc_row via_flex valign_top type_default stacking_default\"><div class=\"vc_col-sm-3 wpb_column vc_column_container\"><div class=\"vc_column-inner\"><div class=\"wpb_wrapper\"><div class=\"wpb_text_column us_custom_492179a4\"><div class=\"wpb_wrapper\"><h3>\u00centreb\u0103ri frecvente<\/h3>\n<\/div><\/div><\/div><\/div><\/div><div class=\"vc_col-sm-9 wpb_column vc_column_container\"><div class=\"vc_column-inner\"><div class=\"wpb_wrapper\"><div class=\"w-tabs style_default switch_click accordion remove_indents\" style=\"--sections-title-size:1.25rem\"><div class=\"w-tabs-sections titles-align_none icon_plus cpos_right\"><div class=\"w-tabs-section\" id=\"1568020862825-8b1bfcfe-9839\"><button class=\"w-tabs-section-header\" aria-controls=\"content-1568020862825-8b1bfcfe-9839\" aria-expanded=\"false\"><p class=\"w-tabs-section-title\">Pot fi angajat la Van den Elzen Plants dac\u0103 am mai pu\u021bin de 18 ani?<\/p><div class=\"w-tabs-section-control\"><\/div><\/button><div  class=\"w-tabs-section-content\" id=\"content-1568020862825-8b1bfcfe-9839\"><div class=\"w-tabs-section-content-h i-cf\"><div class=\"wpb_text_column\"><div class=\"wpb_wrapper\"><p>Da, pute\u021bi lucra la noi de la v\u00e2rsta de 17 ani, \u00eens\u0103 p\u00e2n\u0103 la \u00eemplinirea v\u00e2rstei de 18 ani ve\u021bi putea lucra doar sub \u00eendrumarea unui adult.<\/p>\n<\/div><\/div><\/div><\/div><\/div><div class=\"w-tabs-section\" id=\"1568020862842-7f0bcec4-e2da\"><button class=\"w-tabs-section-header\" aria-controls=\"content-1568020862842-7f0bcec4-e2da\" aria-expanded=\"false\"><p class=\"w-tabs-section-title\">Este necesar s\u0103 am experien\u021b\u0103 \u00een munc\u0103?<\/p><div class=\"w-tabs-section-control\"><\/div><\/button><div  class=\"w-tabs-section-content\" id=\"content-1568020862842-7f0bcec4-e2da\"><div class=\"w-tabs-section-content-h i-cf\"><div class=\"wpb_text_column\"><div class=\"wpb_wrapper\"><p>Nu, pentru noi este important s\u0103 pute\u021bi lucra atent \u0219i rapid. Toate form\u0103rile de care ave\u021bi nevoie pentru efectuarea muncii, se vor desf\u0103\u0219ura pe durata angaj\u0103rii.<\/p>\n<\/div><\/div><\/div><\/div><\/div><div class=\"w-tabs-section\" id=\"1568020870759-9534faab-dbc2\"><button class=\"w-tabs-section-header\" aria-controls=\"content-1568020870759-9534faab-dbc2\" aria-expanded=\"false\"><p class=\"w-tabs-section-title\">Trebuie s\u0103 pl\u0103tesc ceva \u00eenainte ca s\u0103 pot lucra la Van den Elzen Plants?<\/p><div class=\"w-tabs-section-control\"><\/div><\/button><div  class=\"w-tabs-section-content\" id=\"content-1568020870759-9534faab-dbc2\"><div class=\"w-tabs-section-content-h i-cf\"><div class=\"wpb_text_column\"><div class=\"wpb_wrapper\"><p>Nu, acest lucru nu este niciodat\u0103 necesar. Dac\u0103 totu\u0219i cineva v\u0103 solicit\u0103 acest lucru v\u0103 rug\u0103m s\u0103 lua\u021bi leg\u0103tura direct cu noi.<\/p>\n<\/div><\/div><\/div><\/div><\/div><div class=\"w-tabs-section\" id=\"1568020873731-3e6edfbc-fc38\"><button class=\"w-tabs-section-header\" aria-controls=\"content-1568020873731-3e6edfbc-fc38\" aria-expanded=\"false\"><p class=\"w-tabs-section-title\">Cum voi afla dac\u0103 am fost angajat?<\/p><div class=\"w-tabs-section-control\"><\/div><\/button><div  class=\"w-tabs-section-content\" id=\"content-1568020873731-3e6edfbc-fc38\"><div class=\"w-tabs-section-content-h i-cf\"><div class=\"wpb_text_column\"><div class=\"wpb_wrapper\"><p>Ve\u021bi primi un mesaj pe e-mail sau prin telefon \u00een acest sens.<\/p>\n<\/div><\/div><\/div><\/div><\/div><div class=\"w-tabs-section\" id=\"1613739631675-b9e75427-52ac\"><button class=\"w-tabs-section-header\" aria-controls=\"content-1613739631675-b9e75427-52ac\" aria-expanded=\"false\"><p class=\"w-tabs-section-title\">Pot aplica \u00eempreun\u0103 cu un prieten, partener sau so\u021b?<\/p><div class=\"w-tabs-section-control\"><\/div><\/button><div  class=\"w-tabs-section-content\" id=\"content-1613739631675-b9e75427-52ac\"><div class=\"w-tabs-section-content-h i-cf\"><div class=\"wpb_text_column\"><div class=\"wpb_wrapper\"><p>Da, iar noi ne str\u0103duim s\u0103 le permitem, pe c\u00e2t posibil, celor care aplic\u0103 \u00eempreun\u0103 s\u0103 r\u0103m\u00e2n\u0103 \u00eempreun\u0103. Acest lucru nu este \u00eentotdeauna posibil, depinde de activitate \u0219i de locurile de cazarea disponibile.<\/p>\n<\/div><\/div><\/div><\/div><\/div><div class=\"w-tabs-section\" id=\"1613739679047-fd444a4f-cb1d\"><button class=\"w-tabs-section-header\" aria-controls=\"content-1613739679047-fd444a4f-cb1d\" aria-expanded=\"false\"><p class=\"w-tabs-section-title\">Trebuie s\u0103 vorbesc neerlandez\u0103?<\/p><div class=\"w-tabs-section-control\"><\/div><\/button><div  class=\"w-tabs-section-content\" id=\"content-1613739679047-fd444a4f-cb1d\"><div class=\"w-tabs-section-content-h i-cf\"><div class=\"wpb_text_column\"><div class=\"wpb_wrapper\"><p>Nu, dar dac\u0103 vorbi\u021bi neerlandez\u0103, englez\u0103 sau german\u0103 este bine s\u0103 men\u021biona\u021bi acest lucru atunci c\u00e2nd aplica\u021bi.<\/p>\n<\/div><\/div><\/div><\/div><\/div><div class=\"w-tabs-section\" id=\"1613739709929-cc5aacc9-4709\"><button class=\"w-tabs-section-header\" aria-controls=\"content-1613739709929-cc5aacc9-4709\" aria-expanded=\"false\"><p class=\"w-tabs-section-title\">C\u00e2nd trebuie s\u0103 m\u0103 prezint la lucru prima oar\u0103?<\/p><div class=\"w-tabs-section-control\"><\/div><\/button><div  class=\"w-tabs-section-content\" id=\"content-1613739709929-cc5aacc9-4709\"><div class=\"w-tabs-section-content-h i-cf\"><div class=\"wpb_text_column\"><div class=\"wpb_wrapper\"><p>Cu c\u00e2teva zile \u00eenainte ve\u021bi primi un mesaj cu data de \u00eencepere \u0219i cu adresa unde trebuie s\u0103 v\u0103 prezenta\u021bi. Aten\u021bie! Folosim mai multe spa\u021bii de cazare, a\u0219a \u00eenc\u00e2t este important s\u0103 ajunge\u021bi la adresa corect\u0103.<\/p>\n<\/div><\/div><\/div><\/div><\/div><div class=\"w-tabs-section\" id=\"1613740031806-3cf603e4-fb0c\"><button class=\"w-tabs-section-header\" aria-controls=\"content-1613740031806-3cf603e4-fb0c\" aria-expanded=\"false\"><p class=\"w-tabs-section-title\">Cum ajung la spa\u021biul de cazare?<\/p><div class=\"w-tabs-section-control\"><\/div><\/button><div  class=\"w-tabs-section-content\" id=\"content-1613740031806-3cf603e4-fb0c\"><div class=\"w-tabs-section-content-h i-cf\"><div class=\"wpb_text_column\"><div class=\"wpb_wrapper\"><p>Trebuie s\u0103 v\u0103 ocupa\u021bi singur de transportul la spa\u021biul de cazare. Din experien\u021b\u0103 \u0219tim c\u0103 majoritatea oamenilor vin cu ma\u0219ina. Dac\u0103 dori\u021bi s\u0103 veni\u021bi folosind transportul \u00een comun este indicat s\u0103 lua\u021bi leg\u0103tura cu noi \u00eenainte, ca s\u0103 v\u0103 putem recomanda cea mai simpl\u0103 modalitate de a ajunge la spa\u021biul de cazare indicat.<\/p>\n<\/div><\/div><\/div><\/div><\/div><div class=\"w-tabs-section\" id=\"1613740056641-13b0558a-1278\"><button class=\"w-tabs-section-header\" aria-controls=\"content-1613740056641-13b0558a-1278\" aria-expanded=\"false\"><p class=\"w-tabs-section-title\">\u00cemi pot parca ma\u0219ina la spa\u021biul de cazare?<\/p><div class=\"w-tabs-section-control\"><\/div><\/button><div  class=\"w-tabs-section-content\" id=\"content-1613740056641-13b0558a-1278\"><div class=\"w-tabs-section-content-h i-cf\"><div class=\"wpb_text_column\"><div class=\"wpb_wrapper\"><p>Da, acest lucru este posibil la toate spa\u021biile noastre de cazare.<\/p>\n<\/div><\/div><\/div><\/div><\/div><div class=\"w-tabs-section\" id=\"1613740110281-74c45697-a9c2\"><button class=\"w-tabs-section-header\" aria-controls=\"content-1613740110281-74c45697-a9c2\" aria-expanded=\"false\"><p class=\"w-tabs-section-title\">Pot lucra mai mult de un sezon la Van den Elzen Plants?<\/p><div class=\"w-tabs-section-control\"><\/div><\/button><div  class=\"w-tabs-section-content\" id=\"content-1613740110281-74c45697-a9c2\"><div class=\"w-tabs-section-content-h i-cf\"><div class=\"wpb_text_column\"><div class=\"wpb_wrapper\"><p>Da, completa\u021bi o cerere model \u00een acest sens, \u00eenainte de a pleca \u00eenapoi, pentru angajarea \u00een sezonul urm\u0103tor. Legea stipuleaz\u0103 c\u0103 nu putem angaja lucr\u0103tori str\u0103ini \u00een Olanda pentru o perioad\u0103 prea lung\u0103 \u0219i continu\u0103. Pauza trebuie s\u0103 dureze un anumit num\u0103r de luni. Bine\u00een\u021beles, trebuie s\u0103 \u021bine\u021bi cont de acest lucru dac\u0103 dori\u021bi s\u0103 lucra\u021bi cu noi mai des.<\/p>\n<\/div><\/div><\/div><\/div><\/div><div class=\"w-tabs-section\" id=\"1613740149953-c5fab228-e000\"><button class=\"w-tabs-section-header\" aria-controls=\"content-1613740149953-c5fab228-e000\" aria-expanded=\"false\"><p class=\"w-tabs-section-title\">Trebuie s\u0103 am cont la o banc\u0103 neerlandez\u0103?<\/p><div class=\"w-tabs-section-control\"><\/div><\/button><div  class=\"w-tabs-section-content\" id=\"content-1613740149953-c5fab228-e000\"><div class=\"w-tabs-section-content-h i-cf\"><div class=\"wpb_text_column\"><div class=\"wpb_wrapper\"><p>Nu, \u00eens\u0103 trebuie s\u0103 ave\u021bi un cont bancar cu IBAN, cu un card bancar activ. Salariul v\u0103 va fi pl\u0103tit \u00een acest cont; nu ve\u021bi primi salariul \u00een numerar.<\/p>\n<\/div><\/div><\/div><\/div><\/div><div class=\"w-tabs-section\" id=\"1613740247704-a9dfe94f-5d90\"><button class=\"w-tabs-section-header\" aria-controls=\"content-1613740247704-a9dfe94f-5d90\" aria-expanded=\"false\"><p class=\"w-tabs-section-title\">Exist\u0103 vreun loc pentru activit\u0103\u021bi sociale?<\/p><div class=\"w-tabs-section-control\"><\/div><\/button><div  class=\"w-tabs-section-content\" id=\"content-1613740247704-a9dfe94f-5d90\"><div class=\"w-tabs-section-content-h i-cf\"><div class=\"wpb_text_column\"><div class=\"wpb_wrapper\"><p>Fiecare spa\u021biu de cazare are un loc unde este posibil s\u0103 desf\u0103\u0219ura\u021bi activit\u0103\u021bi sociale.<\/p>\n<\/div><\/div><\/div><\/div><\/div><div class=\"w-tabs-section\" id=\"1613740312399-cc347a75-8f25\"><button class=\"w-tabs-section-header\" aria-controls=\"content-1613740312399-cc347a75-8f25\" aria-expanded=\"false\"><p class=\"w-tabs-section-title\">Nu am un num\u0103r de \u00eenregistrare \u00een \u021a\u0103rile de Jos. Pot veni s\u0103 lucrez, \u00een acest caz?<\/p><div class=\"w-tabs-section-control\"><\/div><\/button><div  class=\"w-tabs-section-content\" id=\"content-1613740312399-cc347a75-8f25\"><div class=\"w-tabs-section-content-h i-cf\"><div class=\"wpb_text_column\"><div class=\"wpb_wrapper\"><p>Da, acest lucru nu constituie o problem\u0103. V\u0103 vom ajuta cu solicitarea a\u0219a numitului num\u0103r BSN (num\u0103r na\u021bional de \u00eenregistrare) la municipalitate.<\/p>\n<\/div><\/div><\/div><\/div><\/div><\/div><\/div><\/div><\/div><\/div><\/div><\/div><\/section><section class=\"l-section wpb_row us_custom_8bf343e8 height_auto\"><div class=\"l-section-h i-cf\"><div class=\"g-cols vc_row via_flex valign_bottom type_default stacking_default\"><div class=\"vc_col-sm-6 wpb_column vc_column_container\"><div class=\"vc_column-inner us_custom_e968d355\"><div class=\"wpb_wrapper\"><div class=\"g-cols wpb_row via_flex valign_top type_default stacking_default\"><div class=\"vc_col-sm-12 wpb_column vc_column_container\"><div class=\"vc_column-inner\"><div class=\"wpb_wrapper\"><div class=\"wpb_text_column us_custom_e0d0f9e5\"><div class=\"wpb_wrapper\"><h2>How can<br \/>\nwe help you?<\/h2>\n<\/div><\/div><\/div><\/div><\/div><div class=\"vc_col-sm-12 wpb_column vc_column_container\"><div class=\"vc_column-inner\"><div class=\"wpb_wrapper\"><div class=\"w-separator size_small\"><\/div>\n\t<div class=\"wpb_raw_code wpb_raw_html wpb_content_element us_custom_909b2fd0\" >\n\t\t<div class=\"wpb_wrapper\">\n\t\t\t<hr class=\"line\">\n\t\t<\/div>\n\t<\/div>\n<div class=\"w-separator size_small\"><\/div><\/div><\/div><\/div><div class=\"vc_col-sm-12 wpb_column vc_column_container\"><div class=\"vc_column-inner\"><div class=\"wpb_wrapper\"><div class=\"wpb_text_column us_custom_a5c88937\"><div class=\"wpb_wrapper\"><p>Would you like to know how Van den Elzen Plants can contribute to your successful production and optimum financial results? And how we can help you face both today\u2019s and tomorrow\u2019s challenges? Contact us without obligation or make an appointment to visit our main location in Erp.<\/p>\n<\/div><\/div><div class=\"w-separator size_small\"><\/div><div class=\"w-btn-wrapper align_none\"><a class=\"w-btn us-btn-style_1 us_custom_492179a4\" href=\"\/en\/contact\/\"><span class=\"w-btn-label\">Contact<\/span><\/a><\/div><\/div><\/div><\/div><\/div><div class=\"w-separator size_custom\" style=\"height:200px\" id=\"lba2\"><style>@media(max-width:1999px){ #lba2{height:120px!important}}@media(max-width:600px){ #lba2{height:30px!important}}<\/style><\/div><\/div><\/div><\/div><div class=\"vc_col-sm-6 wpb_column vc_column_container border-radius-left-top stretched\"><div class=\"vc_column-inner us_custom_e11a849a\"><div class=\"wpb_wrapper\"><div class=\"w-image align_none\"><div class=\"w-image-h\"><img decoding=\"async\" width=\"1400\" height=\"950\" src=\"https:\/\/www.vandenelzenplants.com\/wp-content\/uploads\/2022\/08\/Hoe-kunnen-wij-u-helpen_Footer_1400x950px.jpg\" class=\"attachment-full size-full\" alt=\"\" loading=\"lazy\" srcset=\"https:\/\/www.vandenelzenplants.com\/wp-content\/uploads\/2022\/08\/Hoe-kunnen-wij-u-helpen_Footer_1400x950px.jpg 1400w, https:\/\/www.vandenelzenplants.com\/wp-content\/uploads\/2022\/08\/Hoe-kunnen-wij-u-helpen_Footer_1400x950px-300x204.jpg 300w, https:\/\/www.vandenelzenplants.com\/wp-content\/uploads\/2022\/08\/Hoe-kunnen-wij-u-helpen_Footer_1400x950px-1024x695.jpg 1024w, https:\/\/www.vandenelzenplants.com\/wp-content\/uploads\/2022\/08\/Hoe-kunnen-wij-u-helpen_Footer_1400x950px-18x12.jpg 18w\" sizes=\"auto, (max-width: 1400px) 100vw, 1400px\" \/><\/div><\/div><\/div><\/div><\/div><\/div><\/div><\/section><section class=\"l-section wpb_row height_auto\"><div class=\"l-section-h i-cf\"><div class=\"g-cols vc_row via_flex valign_top type_default stacking_default\"><div class=\"vc_col-sm-12 wpb_column vc_column_container\"><div class=\"vc_column-inner\"><div class=\"wpb_wrapper\">\n\t<div class=\"wpb_raw_code wpb_raw_html wpb_content_element us_custom_909b2fd0\" >\n\t\t<div class=\"wpb_wrapper\">\n\t\t\t<div id=\"myModal\" class=\"w-popup-wrap1 pos_fixed1\">\n    <div class=\"w-popup-box1 animation_fadeIn without_title active\" style=\"width:600px; background-color:#8DB443; margin:auto;\">\n        <div class=\"w-popup-box-h1\">\n            <div class=\"w-popup-box-content1\"\n                style=\"padding:5%;background:#8DB443; color:var(--color-content-text);\">\n                <p>Ne cerem scuze c\u0103 pagina de internet nu este disponibil\u0103 \u00een aceast\u0103 limb\u0103. <\/p>\n<p>Dac\u0103 vre\u021bi s\u0103 citi\u021bi pagina de internet \u00een limba englez\u0103, <a href=\"https:\/\/www.vandenelzenplants.com\/en\/\"><u>face\u021bi clic aici. <\/u><\/a><\/p>\n<p> Dac\u0103 vre\u021bi s\u0103 citi\u021bi locurile vacante \u00een limba rom\u00e2n\u0103, <a class=\"close\"><u>face\u021bi clic aici.<\/u> <\/a> <\/p>\n\n            <\/div>\n        <\/div>\n    <\/div>\n   \n<\/div>\n\t\t<\/div>\n\t<\/div>\n\n\t<div class=\"wpb_raw_code wpb_raw_js\" >\n\t\t<div class=\"wpb_wrapper\">\n\t\t\t<script> \nwindow.onload = (event) => {\n\n<!-- 2000millisecond delay -->\nsetTimeout(function(){\nvar modal = document.getElementById(\"myModal\");\n modal.style.display = \"flex\";\n\/\/ Get the <span> element that closes the modal\nvar span = document.getElementsByClassName(\"close\")[0];\n\n\/\/ When the user clicks on <span> (x), close the modal\nspan.onclick = function() {\n  modal.style.display = \"none\";\n}\n\n\/\/ When the user clicks anywhere outside of the modal, close it\nwindow.onclick = function(event) {\n  if (event.target == modal) {\n    modal.style.display = \"none\";\n  }\n}\n}, 500);\n};\n <\/script>\n\t\t<\/div>\n\t<\/div>\n<\/div><\/div><\/div><\/div><\/div><\/section>\n","protected":false},"excerpt":{"rendered":"Munc\u0103 sezonier\u0103 LUCRUL LA VAN DEN ELZEN PLANTS Van den Elzen Plants caut\u0103 frecvent angaja\u021bi pentru diverse tipuri de activit\u0103\u021bi sezoniere. Pentru sortarea \u0219i ambalarea r\u0103sadurilor de c\u0103p\u0219uni, zmeur\u0103 \u0219i sparanghel \u0219i pentru plantarea r\u0103sadurilor de c\u0103p\u0219uni \u0219i zmeur\u0103. Printre activit\u0103\u021bi se num\u0103r\u0103 \u0219i plivirea buruienilor de pe c\u00e2mpurile de culturi. Activit\u0103\u021bile se refer\u0103 la...","protected":false},"author":1,"featured_media":0,"parent":5305,"menu_order":0,"comment_status":"closed","ping_status":"closed","template":"","meta":{"footnotes":""},"class_list":["post-5307","page","type-page","status-publish","hentry"],"yoast_head":"<!-- This site is optimized with the Yoast SEO plugin v27.4 - https:\/\/yoast.com\/product\/yoast-seo-wordpress\/ -->\n<title>Seizoenswerk - Van Den Elzen<\/title>\n<meta name=\"robots\" content=\"index, follow, max-snippet:-1, max-image-preview:large, max-video-preview:-1\" \/>\n<link rel=\"canonical\" href=\"https:\/\/www.vandenelzenplants.com\/de\/ro\/werken-bij\/seizoenswerk\/\" \/>\n<meta property=\"og:locale\" content=\"de_DE\" \/>\n<meta property=\"og:type\" content=\"article\" \/>\n<meta property=\"og:title\" content=\"Seizoenswerk - Van Den Elzen\" \/>\n<meta property=\"og:url\" content=\"https:\/\/www.vandenelzenplants.com\/de\/ro\/werken-bij\/seizoenswerk\/\" \/>\n<meta property=\"og:site_name\" content=\"Van Den Elzen\" \/>\n<meta property=\"article:publisher\" content=\"https:\/\/nl-nl.facebook.com\/pages\/category\/Interest\/Van-den-Elzen-Plants-1284105098316678\/\" \/>\n<meta property=\"article:modified_time\" content=\"2025-11-27T15:23:15+00:00\" \/>\n<meta name=\"twitter:card\" content=\"summary_large_image\" \/>\n<meta name=\"twitter:label1\" content=\"Gesch\u00e4tzte Lesezeit\" \/>\n\t<meta name=\"twitter:data1\" content=\"6\u00a0Minuten\" \/>\n<script type=\"application\/ld+json\" class=\"yoast-schema-graph\">{\"@context\":\"https:\\\/\\\/schema.org\",\"@graph\":[{\"@type\":\"WebPage\",\"@id\":\"https:\\\/\\\/www.vandenelzenplants.com\\\/ro\\\/werken-bij\\\/seizoenswerk\\\/\",\"url\":\"https:\\\/\\\/www.vandenelzenplants.com\\\/ro\\\/werken-bij\\\/seizoenswerk\\\/\",\"name\":\"Seizoenswerk - Van Den Elzen\",\"isPartOf\":{\"@id\":\"https:\\\/\\\/www.vandenelzenplants.com\\\/#website\"},\"datePublished\":\"2022-11-17T12:12:27+00:00\",\"dateModified\":\"2025-11-27T15:23:15+00:00\",\"breadcrumb\":{\"@id\":\"https:\\\/\\\/www.vandenelzenplants.com\\\/ro\\\/werken-bij\\\/seizoenswerk\\\/#breadcrumb\"},\"inLanguage\":\"de\",\"potentialAction\":[{\"@type\":\"ReadAction\",\"target\":[\"https:\\\/\\\/www.vandenelzenplants.com\\\/ro\\\/werken-bij\\\/seizoenswerk\\\/\"]}]},{\"@type\":\"BreadcrumbList\",\"@id\":\"https:\\\/\\\/www.vandenelzenplants.com\\\/ro\\\/werken-bij\\\/seizoenswerk\\\/#breadcrumb\",\"itemListElement\":[{\"@type\":\"ListItem\",\"position\":1,\"name\":\"Home\",\"item\":\"https:\\\/\\\/www.vandenelzenplants.com\\\/\"},{\"@type\":\"ListItem\",\"position\":2,\"name\":\"RO\",\"item\":\"https:\\\/\\\/www.vandenelzenplants.com\\\/ro\\\/\"},{\"@type\":\"ListItem\",\"position\":3,\"name\":\"Werken bij\",\"item\":\"https:\\\/\\\/www.vandenelzenplants.com\\\/ro\\\/werken-bij\\\/\"},{\"@type\":\"ListItem\",\"position\":4,\"name\":\"Seizoenswerk\"}]},{\"@type\":\"WebSite\",\"@id\":\"https:\\\/\\\/www.vandenelzenplants.com\\\/#website\",\"url\":\"https:\\\/\\\/www.vandenelzenplants.com\\\/\",\"name\":\"Van Den Elzen\",\"description\":\"Experts in propagation\",\"publisher\":{\"@id\":\"https:\\\/\\\/www.vandenelzenplants.com\\\/#organization\"},\"potentialAction\":[{\"@type\":\"SearchAction\",\"target\":{\"@type\":\"EntryPoint\",\"urlTemplate\":\"https:\\\/\\\/www.vandenelzenplants.com\\\/?s={search_term_string}\"},\"query-input\":{\"@type\":\"PropertyValueSpecification\",\"valueRequired\":true,\"valueName\":\"search_term_string\"}}],\"inLanguage\":\"de\"},{\"@type\":\"Organization\",\"@id\":\"https:\\\/\\\/www.vandenelzenplants.com\\\/#organization\",\"name\":\"Van Den Elzen plants\",\"url\":\"https:\\\/\\\/www.vandenelzenplants.com\\\/\",\"logo\":{\"@type\":\"ImageObject\",\"inLanguage\":\"de\",\"@id\":\"https:\\\/\\\/www.vandenelzenplants.com\\\/#\\\/schema\\\/logo\\\/image\\\/\",\"url\":\"https:\\\/\\\/www.vandenelzenplants.com\\\/wp-content\\\/uploads\\\/2021\\\/03\\\/Logo_Van-den-Elzen_v2.png\",\"contentUrl\":\"https:\\\/\\\/www.vandenelzenplants.com\\\/wp-content\\\/uploads\\\/2021\\\/03\\\/Logo_Van-den-Elzen_v2.png\",\"width\":340,\"height\":393,\"caption\":\"Van Den Elzen plants\"},\"image\":{\"@id\":\"https:\\\/\\\/www.vandenelzenplants.com\\\/#\\\/schema\\\/logo\\\/image\\\/\"},\"sameAs\":[\"https:\\\/\\\/nl-nl.facebook.com\\\/pages\\\/category\\\/Interest\\\/Van-den-Elzen-Plants-1284105098316678\\\/\",\"https:\\\/\\\/www.instagram.com\\\/vandenelzenplants\\\/\",\"https:\\\/\\\/www.youtube.com\\\/channel\\\/UCTTrDs1pCRfyTQh7ov9tgLw\"]}]}<\/script>\n<!-- \/ Yoast SEO plugin. -->","yoast_head_json":{"title":"Seizoenswerk - Van Den Elzen","robots":{"index":"index","follow":"follow","max-snippet":"max-snippet:-1","max-image-preview":"max-image-preview:large","max-video-preview":"max-video-preview:-1"},"canonical":"https:\/\/www.vandenelzenplants.com\/de\/ro\/werken-bij\/seizoenswerk\/","og_locale":"de_DE","og_type":"article","og_title":"Seizoenswerk - Van Den Elzen","og_url":"https:\/\/www.vandenelzenplants.com\/de\/ro\/werken-bij\/seizoenswerk\/","og_site_name":"Van Den Elzen","article_publisher":"https:\/\/nl-nl.facebook.com\/pages\/category\/Interest\/Van-den-Elzen-Plants-1284105098316678\/","article_modified_time":"2025-11-27T15:23:15+00:00","twitter_card":"summary_large_image","twitter_misc":{"Gesch\u00e4tzte Lesezeit":"6\u00a0Minuten"},"schema":{"@context":"https:\/\/schema.org","@graph":[{"@type":"WebPage","@id":"https:\/\/www.vandenelzenplants.com\/ro\/werken-bij\/seizoenswerk\/","url":"https:\/\/www.vandenelzenplants.com\/ro\/werken-bij\/seizoenswerk\/","name":"Seizoenswerk - Van Den Elzen","isPartOf":{"@id":"https:\/\/www.vandenelzenplants.com\/#website"},"datePublished":"2022-11-17T12:12:27+00:00","dateModified":"2025-11-27T15:23:15+00:00","breadcrumb":{"@id":"https:\/\/www.vandenelzenplants.com\/ro\/werken-bij\/seizoenswerk\/#breadcrumb"},"inLanguage":"de","potentialAction":[{"@type":"ReadAction","target":["https:\/\/www.vandenelzenplants.com\/ro\/werken-bij\/seizoenswerk\/"]}]},{"@type":"BreadcrumbList","@id":"https:\/\/www.vandenelzenplants.com\/ro\/werken-bij\/seizoenswerk\/#breadcrumb","itemListElement":[{"@type":"ListItem","position":1,"name":"Home","item":"https:\/\/www.vandenelzenplants.com\/"},{"@type":"ListItem","position":2,"name":"RO","item":"https:\/\/www.vandenelzenplants.com\/ro\/"},{"@type":"ListItem","position":3,"name":"Werken bij","item":"https:\/\/www.vandenelzenplants.com\/ro\/werken-bij\/"},{"@type":"ListItem","position":4,"name":"Seizoenswerk"}]},{"@type":"WebSite","@id":"https:\/\/www.vandenelzenplants.com\/#website","url":"https:\/\/www.vandenelzenplants.com\/","name":"Van Den Elzen","description":"Experts in propagation","publisher":{"@id":"https:\/\/www.vandenelzenplants.com\/#organization"},"potentialAction":[{"@type":"SearchAction","target":{"@type":"EntryPoint","urlTemplate":"https:\/\/www.vandenelzenplants.com\/?s={search_term_string}"},"query-input":{"@type":"PropertyValueSpecification","valueRequired":true,"valueName":"search_term_string"}}],"inLanguage":"de"},{"@type":"Organization","@id":"https:\/\/www.vandenelzenplants.com\/#organization","name":"Van Den Elzen plants","url":"https:\/\/www.vandenelzenplants.com\/","logo":{"@type":"ImageObject","inLanguage":"de","@id":"https:\/\/www.vandenelzenplants.com\/#\/schema\/logo\/image\/","url":"https:\/\/www.vandenelzenplants.com\/wp-content\/uploads\/2021\/03\/Logo_Van-den-Elzen_v2.png","contentUrl":"https:\/\/www.vandenelzenplants.com\/wp-content\/uploads\/2021\/03\/Logo_Van-den-Elzen_v2.png","width":340,"height":393,"caption":"Van Den Elzen plants"},"image":{"@id":"https:\/\/www.vandenelzenplants.com\/#\/schema\/logo\/image\/"},"sameAs":["https:\/\/nl-nl.facebook.com\/pages\/category\/Interest\/Van-den-Elzen-Plants-1284105098316678\/","https:\/\/www.instagram.com\/vandenelzenplants\/","https:\/\/www.youtube.com\/channel\/UCTTrDs1pCRfyTQh7ov9tgLw"]}]}},"_links":{"self":[{"href":"https:\/\/www.vandenelzenplants.com\/de\/wp-json\/wp\/v2\/pages\/5307","targetHints":{"allow":["GET"]}}],"collection":[{"href":"https:\/\/www.vandenelzenplants.com\/de\/wp-json\/wp\/v2\/pages"}],"about":[{"href":"https:\/\/www.vandenelzenplants.com\/de\/wp-json\/wp\/v2\/types\/page"}],"author":[{"embeddable":true,"href":"https:\/\/www.vandenelzenplants.com\/de\/wp-json\/wp\/v2\/users\/1"}],"replies":[{"embeddable":true,"href":"https:\/\/www.vandenelzenplants.com\/de\/wp-json\/wp\/v2\/comments?post=5307"}],"version-history":[{"count":0,"href":"https:\/\/www.vandenelzenplants.com\/de\/wp-json\/wp\/v2\/pages\/5307\/revisions"}],"up":[{"embeddable":true,"href":"https:\/\/www.vandenelzenplants.com\/de\/wp-json\/wp\/v2\/pages\/5305"}],"wp:attachment":[{"href":"https:\/\/www.vandenelzenplants.com\/de\/wp-json\/wp\/v2\/media?parent=5307"}],"curies":[{"name":"wp","href":"https:\/\/api.w.org\/{rel}","templated":true}]}}